{"id":863,"date":"2025-02-05T17:27:52","date_gmt":"2025-02-05T16:27:52","guid":{"rendered":"https:\/\/estudioverna.com\/projekty\/"},"modified":"2025-07-16T19:31:50","modified_gmt":"2025-07-16T17:31:50","slug":"projekty","status":"publish","type":"page","link":"https:\/\/estudioverna.com\/pl\/projekty\/","title":{"rendered":"Projekty"},"content":{"rendered":"<section class=\"l-section wpb_row dblMd height_medium\"><div class=\"l-section-overlay\" style=\"background:var(--color-header-middle-bg)\"><\/div><div class=\"l-section-h i-cf\"><div class=\"g-cols vc_row via_grid cols_2 laptops-cols_inherit tablets-cols_inherit mobiles-cols_1 valign_top type_default stacking_default\"><div class=\"wpb_column vc_column_container nfCl\"><div class=\"vc_column-inner\"><div class=\"wpb_text_column\"><div class=\"wpb_wrapper\"><h1>Projekty<\/h1>\n<\/div><\/div><div class=\"wpb_text_column\"><div class=\"wpb_wrapper\"><p style=\"text-align: left;\" data-start=\"131\" data-end=\"204\"><strong data-start=\"135\" data-end=\"202\">Przestrzenie z histori\u0105 &#8211; tworzone na nowo dla tera\u017aniejszo\u015bci.<\/strong><\/p>\n<p style=\"text-align: left;\" data-start=\"206\" data-end=\"370\">Ka\u017cdy projekt to szansa na przywr\u00f3cenie \u017cycia istniej\u0105cej architekturze lub stworzenie nowej, zakorzenionej w tradycji, ale dostosowanej do wsp\u00f3\u0142czesnych reali\u00f3w.<\/p>\n<p style=\"text-align: left;\" data-start=\"372\" data-end=\"627\">Projektujemy domy i przestrzenie inspirowane ponadczasow\u0105 klasyk\u0105 &#8211; z poszanowaniem kontekstu, dba\u0142o\u015bci\u0105 o proporcje i wra\u017cliwo\u015bci\u0105 na detal. Nasze podej\u015bcie \u0142\u0105czy historyczn\u0105 \u015bwiadomo\u015b\u0107, trwa\u0142o\u015b\u0107 rozwi\u0105za\u0144 i nowoczesne podej\u015bcie do funkcji oraz estetyki.<\/p>\n<\/div><\/div><\/div><\/div><div class=\"wpb_column vc_column_container mgCl\"><div class=\"vc_column-inner\"><div class=\"w-grid type_masonry layout_gallery_cropped cols_2 with_isotope ratio_1x1\" id=\"us_grid_1\" style=\"--gap:0.5rem;\" data-filterable=\"true\"><style>.layout_gallery_cropped .w-grid-item-h:before{padding-bottom:100%}.layout_gallery_cropped .w-grid-item-h{}.layout_gallery_cropped .usg_post_image_1{position:absolute!important;left:0!important;top:0!important;bottom:0!important;right:0!important}<\/style><div class=\"w-grid-list\">\t<article class=\"w-grid-item post-672 attachment type-attachment status-inherit hentry\" data-id=\"672\">\n\t\t<div class=\"w-grid-item-h\">\n\t\t\t\t\t\t<div class=\"w-post-elm post_image usg_post_image_1 stretched\"><img loading=\"lazy\" decoding=\"async\" width=\"683\" height=\"1024\" src=\"https:\/\/estudioverna.com\/wp-content\/uploads\/2025\/02\/archilowero4505_A_modern_minimalist_architectural_house_in_the__122e284d-9847-4daa-91c6-be75bd75e68c-683x1024.png\" class=\"attachment-large size-large\" alt=\"\" srcset=\"https:\/\/estudioverna.com\/wp-content\/uploads\/2025\/02\/archilowero4505_A_modern_minimalist_architectural_house_in_the__122e284d-9847-4daa-91c6-be75bd75e68c-683x1024.png 683w, https:\/\/estudioverna.com\/wp-content\/uploads\/2025\/02\/archilowero4505_A_modern_minimalist_architectural_house_in_the__122e284d-9847-4daa-91c6-be75bd75e68c-200x300.png 200w, https:\/\/estudioverna.com\/wp-content\/uploads\/2025\/02\/archilowero4505_A_modern_minimalist_architectural_house_in_the__122e284d-9847-4daa-91c6-be75bd75e68c.png 1792w\" sizes=\"auto, (max-width: 683px) 100vw, 683px\" \/><\/div>\t\t<\/div>\n\t\t\t<\/article>\n\t<article class=\"w-grid-item post-669 attachment type-attachment status-inherit hentry\" data-id=\"669\">\n\t\t<div class=\"w-grid-item-h\">\n\t\t\t\t\t\t<div class=\"w-post-elm post_image usg_post_image_1 stretched\"><img loading=\"lazy\" decoding=\"async\" width=\"765\" height=\"1024\" src=\"https:\/\/estudioverna.com\/wp-content\/uploads\/2025\/02\/archilowero4505_A_beige_and_white_terracotta_wall_with_small_sq_3faf1a0e-74c2-467c-8722-189a18168d36-765x1024.png\" class=\"attachment-large size-large\" alt=\"\" srcset=\"https:\/\/estudioverna.com\/wp-content\/uploads\/2025\/02\/archilowero4505_A_beige_and_white_terracotta_wall_with_small_sq_3faf1a0e-74c2-467c-8722-189a18168d36-765x1024.png 765w, https:\/\/estudioverna.com\/wp-content\/uploads\/2025\/02\/archilowero4505_A_beige_and_white_terracotta_wall_with_small_sq_3faf1a0e-74c2-467c-8722-189a18168d36-224x300.png 224w, https:\/\/estudioverna.com\/wp-content\/uploads\/2025\/02\/archilowero4505_A_beige_and_white_terracotta_wall_with_small_sq_3faf1a0e-74c2-467c-8722-189a18168d36.png 1888w\" sizes=\"auto, (max-width: 765px) 100vw, 765px\" \/><\/div>\t\t<\/div>\n\t\t\t<\/article>\n\t<article class=\"w-grid-item post-663 attachment type-attachment status-inherit hentry\" data-id=\"663\">\n\t\t<div class=\"w-grid-item-h\">\n\t\t\t\t\t\t<div class=\"w-post-elm post_image usg_post_image_1 stretched\"><img loading=\"lazy\" decoding=\"async\" width=\"764\" height=\"1024\" src=\"https:\/\/estudioverna.com\/wp-content\/uploads\/2025\/02\/03-enhanced-764x1024.png\" class=\"attachment-large size-large\" alt=\"\" srcset=\"https:\/\/estudioverna.com\/wp-content\/uploads\/2025\/02\/03-enhanced-764x1024.png 764w, https:\/\/estudioverna.com\/wp-content\/uploads\/2025\/02\/03-enhanced-224x300.png 224w, https:\/\/estudioverna.com\/wp-content\/uploads\/2025\/02\/03-enhanced.png 1528w\" sizes=\"auto, (max-width: 764px) 100vw, 764px\" \/><\/div>\t\t<\/div>\n\t\t\t<\/article>\n\t<article class=\"w-grid-item post-657 attachment type-attachment status-inherit hentry\" data-id=\"657\">\n\t\t<div class=\"w-grid-item-h\">\n\t\t\t\t\t\t<div class=\"w-post-elm post_image usg_post_image_1 stretched\"><img loading=\"lazy\" decoding=\"async\" width=\"680\" height=\"1024\" src=\"https:\/\/estudioverna.com\/wp-content\/uploads\/2025\/02\/01-enhanced-680x1024.png\" class=\"attachment-large size-large\" alt=\"\" srcset=\"https:\/\/estudioverna.com\/wp-content\/uploads\/2025\/02\/01-enhanced-680x1024.png 680w, https:\/\/estudioverna.com\/wp-content\/uploads\/2025\/02\/01-enhanced-199x300.png 199w, https:\/\/estudioverna.com\/wp-content\/uploads\/2025\/02\/01-enhanced.png 1360w\" sizes=\"auto, (max-width: 680px) 100vw, 680px\" \/><\/div>\t\t<\/div>\n\t\t\t<\/article>\n<\/div><div class=\"w-grid-preloader\">\t<div class=\"g-preloader type_1\">\n\t\t<div><\/div>\n\t<\/div>\n\t<\/div>\t<div class=\"w-grid-json hidden\" onclick='return {&quot;action&quot;:&quot;us_ajax_grid&quot;,&quot;infinite_scroll&quot;:0,&quot;max_num_pages&quot;:1,&quot;pagination&quot;:&quot;none&quot;,&quot;template_vars&quot;:{&quot;columns&quot;:&quot;2&quot;,&quot;exclude_items&quot;:&quot;none&quot;,&quot;img_size&quot;:&quot;default&quot;,&quot;ignore_items_size&quot;:&quot;1&quot;,&quot;items_layout&quot;:&quot;gallery_cropped&quot;,&quot;items_offset&quot;:&quot;1&quot;,&quot;load_animation&quot;:&quot;none&quot;,&quot;overriding_link&quot;:&quot;{\\&quot;url\\&quot;:\\&quot;\\&quot;}&quot;,&quot;post_id&quot;:0,&quot;query_args&quot;:{&quot;post_type&quot;:[&quot;attachment&quot;],&quot;post__in&quot;:[&quot;672&quot;,&quot;669&quot;,&quot;663&quot;,&quot;657&quot;],&quot;post_status&quot;:&quot;inherit&quot;,&quot;post_mime_type&quot;:&quot;image&quot;,&quot;posts_per_page&quot;:&quot;4&quot;},&quot;orderby_query_args&quot;:{&quot;orderby&quot;:{&quot;post__in&quot;:&quot;ASC&quot;},&quot;order&quot;:&quot;ASC&quot;},&quot;type&quot;:&quot;masonry&quot;,&quot;us_grid_post_type&quot;:&quot;attachment&quot;,&quot;us_grid_ajax_index&quot;:1,&quot;us_grid_filter_query_string&quot;:null,&quot;us_grid_index&quot;:1,&quot;page_args&quot;:[],&quot;lang&quot;:&quot;pl&quot;}}'><\/div>\n\t<\/div><\/div><\/div><\/div><\/div><\/section><section class=\"l-section wpb_row height_medium\" id=\"prtMd\"><div class=\"l-section-overlay\" style=\"background:var(--color-header-top-text)\"><\/div><div class=\"l-section-h i-cf\"><div class=\"g-cols vc_row via_grid cols_1 laptops-cols_inherit tablets-cols_inherit mobiles-cols_1 valign_top type_default stacking_default\"><div class=\"wpb_column vc_column_container\"><div class=\"vc_column-inner\"><div class=\"w-grid type_grid layout_174 cols_3\" id=\"us_grid_2\" style=\"--gap:0.6rem;\" data-filterable=\"true\"><style>@media (max-width:900px){#us_grid_2 .w-grid-item{width:50%}}@media (max-width:479px){#us_grid_2 .w-grid-list{margin:0}#us_grid_2 .w-grid-item{width:100%;padding:0;margin-bottom:var(--gap,0px)}}.layout_174 .w-grid-item-h{}.layout_174 .usg_post_image_1{margin-bottom:15px!important}.layout_174 .usg_post_title_1{color:#ffffff!important;font-size:30px!important;margin-left:3px!important;margin-bottom:1px!important}.layout_174 .usg_post_taxonomy_1{color:#ffffff!important;font-size:15px!important;margin-left:3px!important}<\/style><div class=\"w-grid-list\">\t<article class=\"w-grid-item size_1x1 post-1081 us_portfolio type-us_portfolio status-publish has-post-thumbnail hentry us_portfolio_category-koncepcja\" data-id=\"1081\">\n\t\t<div class=\"w-grid-item-h\">\n\t\t\t\t\t\t<div class=\"w-post-elm post_image usg_post_image_1 has_ratio\"><a href=\"https:\/\/estudioverna.com\/pl\/portfolio\/apartament-w-eixample\/\" aria-label=\"Apartament w Eixample\"><img loading=\"lazy\" decoding=\"async\" width=\"1632\" height=\"2048\" src=\"https:\/\/estudioverna.com\/wp-content\/uploads\/2025\/02\/484AA48A-8D52-49AC-8C45-60FBDEF930B5-enhanced.png\" class=\"attachment-full size-full wp-post-image\" alt=\"\" srcset=\"https:\/\/estudioverna.com\/wp-content\/uploads\/2025\/02\/484AA48A-8D52-49AC-8C45-60FBDEF930B5-enhanced.png 1632w, https:\/\/estudioverna.com\/wp-content\/uploads\/2025\/02\/484AA48A-8D52-49AC-8C45-60FBDEF930B5-enhanced-239x300.png 239w, https:\/\/estudioverna.com\/wp-content\/uploads\/2025\/02\/484AA48A-8D52-49AC-8C45-60FBDEF930B5-enhanced-816x1024.png 816w\" sizes=\"auto, (max-width: 1632px) 100vw, 1632px\" \/><\/a><div style=\"padding-bottom:133.3333%\"><\/div><\/div><h4 class=\"w-post-elm post_title usg_post_title_1 has_text_color align_left entry-title color_link_inherit\"><a href=\"https:\/\/estudioverna.com\/pl\/portfolio\/apartament-w-eixample\/\">Apartament w Eixample<\/a><\/h4><div class=\"w-post-elm post_taxonomy usg_post_taxonomy_1 has_text_color style_simple color_link_inherit\"><a class=\"term-29 term-koncepcja\" href=\"https:\/\/estudioverna.com\/pl\/portfolio\/apartament-w-eixample\/\">Koncepcja<\/a><\/div>\t\t<\/div>\n\t\t\t<\/article>\n\t<article class=\"w-grid-item size_1x1 post-1086 us_portfolio type-us_portfolio status-publish has-post-thumbnail hentry us_portfolio_category-koncepcja us_portfolio_category-projekt-indywidualny\" data-id=\"1086\">\n\t\t<div class=\"w-grid-item-h\">\n\t\t\t\t\t\t<div class=\"w-post-elm post_image usg_post_image_1 has_ratio\"><a href=\"https:\/\/estudioverna.com\/pl\/portfolio\/casa-rural\/\" aria-label=\"Casa Rural\"><img loading=\"lazy\" decoding=\"async\" width=\"1333\" height=\"2000\" src=\"https:\/\/estudioverna.com\/wp-content\/uploads\/2025\/02\/06.jpg\" class=\"attachment-full size-full wp-post-image\" alt=\"\" srcset=\"https:\/\/estudioverna.com\/wp-content\/uploads\/2025\/02\/06.jpg 1333w, https:\/\/estudioverna.com\/wp-content\/uploads\/2025\/02\/06-200x300.jpg 200w, https:\/\/estudioverna.com\/wp-content\/uploads\/2025\/02\/06-682x1024.jpg 682w\" sizes=\"auto, (max-width: 1333px) 100vw, 1333px\" \/><\/a><div style=\"padding-bottom:133.3333%\"><\/div><\/div><h4 class=\"w-post-elm post_title usg_post_title_1 has_text_color align_left entry-title color_link_inherit\"><a href=\"https:\/\/estudioverna.com\/pl\/portfolio\/casa-rural\/\">Casa Rural<\/a><\/h4><div class=\"w-post-elm post_taxonomy usg_post_taxonomy_1 has_text_color style_simple color_link_inherit\"><a class=\"term-29 term-koncepcja\" href=\"https:\/\/estudioverna.com\/pl\/portfolio\/casa-rural\/\">Koncepcja<\/a><b>|<\/b><a class=\"term-28 term-projekt-indywidualny\" href=\"https:\/\/estudioverna.com\/pl\/portfolio\/casa-rural\/\">Projekt indywidualny<\/a><\/div>\t\t<\/div>\n\t\t\t<\/article>\n\t<article class=\"w-grid-item size_1x1 post-1092 us_portfolio type-us_portfolio status-publish has-post-thumbnail hentry us_portfolio_category-koncepcja us_portfolio_category-projekt-indywidualny\" data-id=\"1092\">\n\t\t<div class=\"w-grid-item-h\">\n\t\t\t\t\t\t<div class=\"w-post-elm post_image usg_post_image_1 has_ratio\"><a href=\"https:\/\/estudioverna.com\/pl\/portfolio\/casa-roses\/\" aria-label=\"Casa Roses\"><img loading=\"lazy\" decoding=\"async\" width=\"1727\" height=\"2560\" src=\"https:\/\/estudioverna.com\/wp-content\/uploads\/2025\/02\/04-scaled.jpg\" class=\"attachment-full size-full wp-post-image\" alt=\"\" srcset=\"https:\/\/estudioverna.com\/wp-content\/uploads\/2025\/02\/04-scaled.jpg 1727w, https:\/\/estudioverna.com\/wp-content\/uploads\/2025\/02\/04-202x300.jpg 202w, https:\/\/estudioverna.com\/wp-content\/uploads\/2025\/02\/04-691x1024.jpg 691w\" sizes=\"auto, (max-width: 1727px) 100vw, 1727px\" \/><\/a><div style=\"padding-bottom:133.3333%\"><\/div><\/div><h4 class=\"w-post-elm post_title usg_post_title_1 has_text_color align_left entry-title color_link_inherit\"><a href=\"https:\/\/estudioverna.com\/pl\/portfolio\/casa-roses\/\">Casa Roses<\/a><\/h4><div class=\"w-post-elm post_taxonomy usg_post_taxonomy_1 has_text_color style_simple color_link_inherit\"><a class=\"term-29 term-koncepcja\" href=\"https:\/\/estudioverna.com\/pl\/portfolio\/casa-roses\/\">Koncepcja<\/a><b>|<\/b><a class=\"term-28 term-projekt-indywidualny\" href=\"https:\/\/estudioverna.com\/pl\/portfolio\/casa-roses\/\">Projekt indywidualny<\/a><\/div>\t\t<\/div>\n\t\t\t<\/article>\n\t<article class=\"w-grid-item size_1x1 post-1098 us_portfolio type-us_portfolio status-publish has-post-thumbnail hentry us_portfolio_category-koncepcja us_portfolio_category-projekt-indywidualny\" data-id=\"1098\">\n\t\t<div class=\"w-grid-item-h\">\n\t\t\t\t\t\t<div class=\"w-post-elm post_image usg_post_image_1 has_ratio\"><a href=\"https:\/\/estudioverna.com\/pl\/portfolio\/casa-cadaques\/\" aria-label=\"Casa Cadaqu\u00e9s\"><img loading=\"lazy\" decoding=\"async\" width=\"1727\" height=\"2560\" src=\"https:\/\/estudioverna.com\/wp-content\/uploads\/2025\/02\/02-1-scaled.jpg\" class=\"attachment-full size-full wp-post-image\" alt=\"\" srcset=\"https:\/\/estudioverna.com\/wp-content\/uploads\/2025\/02\/02-1-scaled.jpg 1727w, https:\/\/estudioverna.com\/wp-content\/uploads\/2025\/02\/02-1-202x300.jpg 202w, https:\/\/estudioverna.com\/wp-content\/uploads\/2025\/02\/02-1-691x1024.jpg 691w\" sizes=\"auto, (max-width: 1727px) 100vw, 1727px\" \/><\/a><div style=\"padding-bottom:133.3333%\"><\/div><\/div><h4 class=\"w-post-elm post_title usg_post_title_1 has_text_color align_left entry-title color_link_inherit\"><a href=\"https:\/\/estudioverna.com\/pl\/portfolio\/casa-cadaques\/\">Casa Cadaqu\u00e9s<\/a><\/h4><div class=\"w-post-elm post_taxonomy usg_post_taxonomy_1 has_text_color style_simple color_link_inherit\"><a class=\"term-29 term-koncepcja\" href=\"https:\/\/estudioverna.com\/pl\/portfolio\/casa-cadaques\/\">Koncepcja<\/a><b>|<\/b><a class=\"term-28 term-projekt-indywidualny\" href=\"https:\/\/estudioverna.com\/pl\/portfolio\/casa-cadaques\/\">Projekt indywidualny<\/a><\/div>\t\t<\/div>\n\t\t\t<\/article>\n\t<article class=\"w-grid-item size_1x1 post-1095 us_portfolio type-us_portfolio status-publish has-post-thumbnail hentry us_portfolio_category-koncepcja us_portfolio_category-remont-generalny\" data-id=\"1095\">\n\t\t<div class=\"w-grid-item-h\">\n\t\t\t\t\t\t<div class=\"w-post-elm post_image usg_post_image_1 has_ratio\"><a href=\"https:\/\/estudioverna.com\/pl\/portfolio\/casa-de-pueblo\/\" aria-label=\"Casa de Pueblo\"><img loading=\"lazy\" decoding=\"async\" width=\"1701\" height=\"2560\" src=\"https:\/\/estudioverna.com\/wp-content\/uploads\/2025\/02\/04-small-scaled.jpg\" class=\"attachment-full size-full wp-post-image\" alt=\"\" srcset=\"https:\/\/estudioverna.com\/wp-content\/uploads\/2025\/02\/04-small-scaled.jpg 1701w, https:\/\/estudioverna.com\/wp-content\/uploads\/2025\/02\/04-small-199x300.jpg 199w, https:\/\/estudioverna.com\/wp-content\/uploads\/2025\/02\/04-small-680x1024.jpg 680w\" sizes=\"auto, (max-width: 1701px) 100vw, 1701px\" \/><\/a><div style=\"padding-bottom:133.3333%\"><\/div><\/div><h4 class=\"w-post-elm post_title usg_post_title_1 has_text_color align_left entry-title color_link_inherit\"><a href=\"https:\/\/estudioverna.com\/pl\/portfolio\/casa-de-pueblo\/\">Casa de Pueblo<\/a><\/h4><div class=\"w-post-elm post_taxonomy usg_post_taxonomy_1 has_text_color style_simple color_link_inherit\"><a class=\"term-29 term-koncepcja\" href=\"https:\/\/estudioverna.com\/pl\/portfolio\/casa-de-pueblo\/\">Koncepcja<\/a><b>|<\/b><a class=\"term-27 term-remont-generalny\" href=\"https:\/\/estudioverna.com\/pl\/portfolio\/casa-de-pueblo\/\">Przebudowa i remont generalny<\/a><\/div>\t\t<\/div>\n\t\t\t<\/article>\n\t<article class=\"w-grid-item size_1x1 post-1089 us_portfolio type-us_portfolio status-publish has-post-thumbnail hentry us_portfolio_category-koncepcja us_portfolio_category-projekt-indywidualny\" data-id=\"1089\">\n\t\t<div class=\"w-grid-item-h\">\n\t\t\t\t\t\t<div class=\"w-post-elm post_image usg_post_image_1 has_ratio\"><a href=\"https:\/\/estudioverna.com\/pl\/portfolio\/casa-alella\/\" aria-label=\"Casa Alella\"><img loading=\"lazy\" decoding=\"async\" width=\"1727\" height=\"2560\" src=\"https:\/\/estudioverna.com\/wp-content\/uploads\/2025\/02\/rende_publish_2025-01-scaled.jpg\" class=\"attachment-full size-full wp-post-image\" alt=\"\" srcset=\"https:\/\/estudioverna.com\/wp-content\/uploads\/2025\/02\/rende_publish_2025-01-scaled.jpg 1727w, https:\/\/estudioverna.com\/wp-content\/uploads\/2025\/02\/rende_publish_2025-01-202x300.jpg 202w, https:\/\/estudioverna.com\/wp-content\/uploads\/2025\/02\/rende_publish_2025-01-691x1024.jpg 691w\" sizes=\"auto, (max-width: 1727px) 100vw, 1727px\" \/><\/a><div style=\"padding-bottom:133.3333%\"><\/div><\/div><h4 class=\"w-post-elm post_title usg_post_title_1 has_text_color align_left entry-title color_link_inherit\"><a href=\"https:\/\/estudioverna.com\/pl\/portfolio\/casa-alella\/\">Casa Alella<\/a><\/h4><div class=\"w-post-elm post_taxonomy usg_post_taxonomy_1 has_text_color style_simple color_link_inherit\"><a class=\"term-29 term-koncepcja\" href=\"https:\/\/estudioverna.com\/pl\/portfolio\/casa-alella\/\">Koncepcja<\/a><b>|<\/b><a class=\"term-28 term-projekt-indywidualny\" href=\"https:\/\/estudioverna.com\/pl\/portfolio\/casa-alella\/\">Projekt indywidualny<\/a><\/div>\t\t<\/div>\n\t\t\t<\/article>\n\t<article class=\"w-grid-item size_1x1 post-1101 us_portfolio type-us_portfolio status-publish has-post-thumbnail hentry us_portfolio_category-remont-generalny\" data-id=\"1101\">\n\t\t<div class=\"w-grid-item-h\">\n\t\t\t\t\t\t<div class=\"w-post-elm post_image usg_post_image_1 has_ratio\"><a href=\"https:\/\/estudioverna.com\/pl\/portfolio\/poble-sec-barcelona\/\" aria-label=\"Poble-sec, Barcelona\"><img loading=\"lazy\" decoding=\"async\" width=\"2560\" height=\"2171\" src=\"https:\/\/estudioverna.com\/wp-content\/uploads\/2025\/02\/5-VERNA-Poble-Sec-scaled.jpg\" class=\"attachment-full size-full wp-post-image\" alt=\"\" srcset=\"https:\/\/estudioverna.com\/wp-content\/uploads\/2025\/02\/5-VERNA-Poble-Sec-scaled.jpg 2560w, https:\/\/estudioverna.com\/wp-content\/uploads\/2025\/02\/5-VERNA-Poble-Sec-300x254.jpg 300w, https:\/\/estudioverna.com\/wp-content\/uploads\/2025\/02\/5-VERNA-Poble-Sec-1024x869.jpg 1024w\" sizes=\"auto, (max-width: 2560px) 100vw, 2560px\" \/><\/a><div style=\"padding-bottom:133.3333%\"><\/div><\/div><h4 class=\"w-post-elm post_title usg_post_title_1 has_text_color align_left entry-title color_link_inherit\"><a href=\"https:\/\/estudioverna.com\/pl\/portfolio\/poble-sec-barcelona\/\">Poble-sec, Barcelona<\/a><\/h4><div class=\"w-post-elm post_taxonomy usg_post_taxonomy_1 has_text_color style_simple color_link_inherit\"><a class=\"term-27 term-remont-generalny\" href=\"https:\/\/estudioverna.com\/pl\/portfolio\/poble-sec-barcelona\/\">Przebudowa i remont generalny<\/a><\/div>\t\t<\/div>\n\t\t\t<\/article>\n<\/div><div class=\"w-grid-preloader\">\t<div class=\"g-preloader type_1\">\n\t\t<div><\/div>\n\t<\/div>\n\t<\/div>\t<div class=\"w-grid-json hidden\" onclick='return {&quot;action&quot;:&quot;us_ajax_grid&quot;,&quot;infinite_scroll&quot;:0,&quot;max_num_pages&quot;:1,&quot;pagination&quot;:&quot;none&quot;,&quot;template_vars&quot;:{&quot;columns&quot;:&quot;3&quot;,&quot;exclude_items&quot;:&quot;none&quot;,&quot;img_size&quot;:&quot;default&quot;,&quot;ignore_items_size&quot;:0,&quot;items_layout&quot;:&quot;174&quot;,&quot;items_offset&quot;:&quot;1&quot;,&quot;load_animation&quot;:&quot;none&quot;,&quot;overriding_link&quot;:&quot;%7B%22url%22%3A%22%22%7D&quot;,&quot;post_id&quot;:0,&quot;query_args&quot;:{&quot;post_type&quot;:[&quot;us_portfolio&quot;],&quot;post_status&quot;:[&quot;publish&quot;],&quot;posts_per_page&quot;:&quot;9&quot;},&quot;orderby_query_args&quot;:{&quot;orderby&quot;:{&quot;date&quot;:&quot;DESC&quot;}},&quot;type&quot;:&quot;grid&quot;,&quot;us_grid_post_type&quot;:&quot;us_portfolio&quot;,&quot;us_grid_ajax_index&quot;:2,&quot;us_grid_filter_query_string&quot;:null,&quot;us_grid_index&quot;:2,&quot;page_args&quot;:[],&quot;lang&quot;:&quot;pl&quot;}}'><\/div>\n\t<\/div><\/div><\/div><\/div><\/div><\/section><section class=\"l-section wpb_row height_medium\" id=\"lkMd\"><div class=\"l-section-h i-cf\"><div class=\"g-cols vc_row via_grid cols_1 laptops-cols_inherit tablets-cols_inherit mobiles-cols_1 valign_top type_default stacking_default\"><div class=\"wpb_column vc_column_container\"><div class=\"vc_column-inner\"><div class=\"w-separator size_medium\"><\/div><div class=\"wpb_text_column\"><div class=\"wpb_wrapper\"><h3 style=\"text-align: center;\">Zaczynamy?<\/h3>\n<\/div><\/div><div class=\"wpb_text_column\"><div class=\"wpb_wrapper\"><p style=\"text-align: center;\"><span>Opowiedz nam o swoim projekcie.<\/span><\/p>\n<\/div><\/div><div class=\"w-btn-wrapper align_center\"><a class=\"w-btn us-btn-style_1\" href=\"https:\/\/estudioverna.com\/pl\/kontakt\/\"><span class=\"w-btn-label\">Skontaktuj si\u0119<\/span><\/a><\/div><div class=\"w-separator size_medium\"><\/div><\/div><\/div><\/div><\/div><\/section><section class=\"l-section wpb_row height_medium\" id=\"igMd\"><div class=\"l-section-h i-cf\"><div class=\"g-cols vc_row via_grid cols_1 laptops-cols_inherit tablets-cols_inherit mobiles-cols_1 valign_top type_default stacking_default\"><div class=\"wpb_column vc_column_container\"><div class=\"vc_column-inner\"><div class=\"wpb_text_column\"><div class=\"wpb_wrapper\">\n<div id=\"sb_instagram\" role=\"region\" aria-label=\"Instagram feed\"  class=\"sbi sbi_mob_col_1 sbi_tab_col_2 sbi_col_4 sbi_width_resp\" style=\"padding-bottom: 10px;\"\t data-feedid=\"*3\"  data-res=\"full\" data-cols=\"4\" data-colsmobile=\"1\" data-colstablet=\"2\" data-num=\"4\" data-nummobile=\"4\" data-item-padding=\"5\"\t data-shortcode-atts=\"{&quot;feed&quot;:&quot;3&quot;}\"  data-postid=\"1101\" data-locatornonce=\"11007683cb\" data-imageaspectratio=\"1:1\" data-sbi-flags=\"favorLocal,gdpr\">\n\t\n\t<div id=\"sbi_images\" role=\"list\"  style=\"gap: 10px;\">\n\t\t<div class=\"sbi_item sbi_type_carousel sbi_new sbi_transition\" role=\"listitem\"\n\tid=\"sbi_18189625429397280\" data-date=\"1787752687\">\n\t<div class=\"sbi_photo_wrap\">\n\t\t<a class=\"sbi_photo\" href=\"https:\/\/www.instagram.com\/p\/DcgX4cBiCFP\/\" target=\"_blank\" rel=\"noopener nofollow\"\n\t\t\tdata-full-res=\"https:\/\/scontent-dfw5-2.cdninstagram.com\/v\/t51.82787-15\/787434713_18108478175157023_1744850277807357018_n.jpg?stp=dst-jpg_e35_tt6&#038;_nc_cat=104&#038;ccb=7-5&#038;_nc_sid=18de74&#038;efg=eyJlZmdfdGFnIjoiQ0FST1VTRUxfSVRFTS5iZXN0X2ltYWdlX3VybGdlbi5DMyJ9&#038;_nc_ohc=d0wmHNlav5MQ7kNvwGWHQDr&#038;_nc_oc=AdpX6mDY_q5lb_u1Snvjb_AlY-k8u7HefpOfRNxMgFxhh5W0RuMPF3cxaiB4xBLXH4j_vqQPqu7IH-wEPbvJ90cl&#038;_nc_zt=23&#038;_nc_ht=scontent-dfw5-2.cdninstagram.com&#038;edm=ANo9K5cEAAAA&#038;_nc_gid=4Sb3lRMS-QPypsm6MChvCA&#038;_nc_tpa=Q5bMBQIUHUQ4yCu93HUSN1Iivgaf2pcD_P49G8FO-xp8hOl0PKse4LYIX2KPEfHmHuOeiTwrQNtJNuj1ig&#038;oh=00_AQIRAmV9jB3nmk-4bhCXMTGVgksdBG_MErIpWXRIKNlACg&#038;oe=6A9FDD2F\"\n\t\t\tdata-img-src-set=\"{&quot;d&quot;:&quot;https:\\\/\\\/scontent-dfw5-2.cdninstagram.com\\\/v\\\/t51.82787-15\\\/787434713_18108478175157023_1744850277807357018_n.jpg?stp=dst-jpg_e35_tt6&amp;_nc_cat=104&amp;ccb=7-5&amp;_nc_sid=18de74&amp;efg=eyJlZmdfdGFnIjoiQ0FST1VTRUxfSVRFTS5iZXN0X2ltYWdlX3VybGdlbi5DMyJ9&amp;_nc_ohc=d0wmHNlav5MQ7kNvwGWHQDr&amp;_nc_oc=AdpX6mDY_q5lb_u1Snvjb_AlY-k8u7HefpOfRNxMgFxhh5W0RuMPF3cxaiB4xBLXH4j_vqQPqu7IH-wEPbvJ90cl&amp;_nc_zt=23&amp;_nc_ht=scontent-dfw5-2.cdninstagram.com&amp;edm=ANo9K5cEAAAA&amp;_nc_gid=4Sb3lRMS-QPypsm6MChvCA&amp;_nc_tpa=Q5bMBQIUHUQ4yCu93HUSN1Iivgaf2pcD_P49G8FO-xp8hOl0PKse4LYIX2KPEfHmHuOeiTwrQNtJNuj1ig&amp;oh=00_AQIRAmV9jB3nmk-4bhCXMTGVgksdBG_MErIpWXRIKNlACg&amp;oe=6A9FDD2F&quot;,&quot;150&quot;:&quot;https:\\\/\\\/scontent-dfw5-2.cdninstagram.com\\\/v\\\/t51.82787-15\\\/787434713_18108478175157023_1744850277807357018_n.jpg?stp=dst-jpg_e35_tt6&amp;_nc_cat=104&amp;ccb=7-5&amp;_nc_sid=18de74&amp;efg=eyJlZmdfdGFnIjoiQ0FST1VTRUxfSVRFTS5iZXN0X2ltYWdlX3VybGdlbi5DMyJ9&amp;_nc_ohc=d0wmHNlav5MQ7kNvwGWHQDr&amp;_nc_oc=AdpX6mDY_q5lb_u1Snvjb_AlY-k8u7HefpOfRNxMgFxhh5W0RuMPF3cxaiB4xBLXH4j_vqQPqu7IH-wEPbvJ90cl&amp;_nc_zt=23&amp;_nc_ht=scontent-dfw5-2.cdninstagram.com&amp;edm=ANo9K5cEAAAA&amp;_nc_gid=4Sb3lRMS-QPypsm6MChvCA&amp;_nc_tpa=Q5bMBQIUHUQ4yCu93HUSN1Iivgaf2pcD_P49G8FO-xp8hOl0PKse4LYIX2KPEfHmHuOeiTwrQNtJNuj1ig&amp;oh=00_AQIRAmV9jB3nmk-4bhCXMTGVgksdBG_MErIpWXRIKNlACg&amp;oe=6A9FDD2F&quot;,&quot;320&quot;:&quot;https:\\\/\\\/estudioverna.com\\\/wp-content\\\/uploads\\\/sb-instagram-feed-images\\\/787434713_18108478175157023_1744850277807357018_nlow.webp&quot;,&quot;640&quot;:&quot;https:\\\/\\\/estudioverna.com\\\/wp-content\\\/uploads\\\/sb-instagram-feed-images\\\/787434713_18108478175157023_1744850277807357018_nfull.webp&quot;}\">\n\t\t\t<span class=\"sbi-screenreader\">Casa 11 \u2022 Castelldefels  Hay transformaciones que<\/span>\n\t\t\t<svg class=\"svg-inline--fa fa-clone fa-w-16 sbi_lightbox_carousel_icon\" aria-hidden=\"true\" aria-label=\"Clone\" data-fa-pro\u0192cessed=\"\" data-prefix=\"far\" data-icon=\"clone\" role=\"img\" xmlns=\"http:\/\/www.w3.org\/2000\/svg\" viewBox=\"0 0 512 512\">\n                    <path fill=\"currentColor\" d=\"M464 0H144c-26.51 0-48 21.49-48 48v48H48c-26.51 0-48 21.49-48 48v320c0 26.51 21.49 48 48 48h320c26.51 0 48-21.49 48-48v-48h48c26.51 0 48-21.49 48-48V48c0-26.51-21.49-48-48-48zM362 464H54a6 6 0 0 1-6-6V150a6 6 0 0 1 6-6h42v224c0 26.51 21.49 48 48 48h224v42a6 6 0 0 1-6 6zm96-96H150a6 6 0 0 1-6-6V54a6 6 0 0 1 6-6h308a6 6 0 0 1 6 6v308a6 6 0 0 1-6 6z\"><\/path>\n                <\/svg>\t\t\t\t\t\t<img decoding=\"async\" src=\"https:\/\/estudioverna.com\/wp-content\/plugins\/instagram-feed\/img\/placeholder.png\" alt=\"Casa 11 \u2022 Castelldefels\n\nHay transformaciones que van mucho m\u00e1s all\u00e1 de un antes y un despu\u00e9s.\n\nPartimos de un espacio que necesitaba una nueva distribuci\u00f3n, m\u00e1s luz y una forma diferente de habitarlo. El resultado es una cocina c\u00e1lida, serena y funcional, donde los materiales naturales y cada detalle han sido pensados para perdurar.\n\nPorque reformar no es solo cambiar un espacio.\nEs descubrir todo su potencial y convertirlo en un lugar que se sienta tuyo. \ud83e\udd0d\n\nDesliza para ver el antes.\n\n\u2026\n\nFotograf\u00eda: @anastasia.ferreiro \nObra: @mister_carlos_reformas_\" aria-hidden=\"true\">\n\t\t<\/a>\n\t<\/div>\n<\/div><div class=\"sbi_item sbi_type_carousel sbi_new sbi_transition\" role=\"listitem\"\n\tid=\"sbi_17882563659478807\" data-date=\"1786122433\">\n\t<div class=\"sbi_photo_wrap\">\n\t\t<a class=\"sbi_photo\" href=\"https:\/\/www.instagram.com\/p\/Dbvya4vCNC7\/\" target=\"_blank\" rel=\"noopener nofollow\"\n\t\t\tdata-full-res=\"https:\/\/scontent-dfw6-1.cdninstagram.com\/v\/t51.82787-15\/765638109_18106538252157023_8095548343511456533_n.jpg?stp=dst-jpg_e35_tt6&#038;_nc_cat=103&#038;ccb=7-5&#038;_nc_sid=18de74&#038;efg=eyJlZmdfdGFnIjoiQ0FST1VTRUxfSVRFTS5iZXN0X2ltYWdlX3VybGdlbi5DMyJ9&#038;_nc_ohc=zEipocW9G84Q7kNvwE66LMy&#038;_nc_oc=AdptFuRa6EvY9Oe-OqXAPTYIQ6wdCuWRfUbV3cST0DIxQoDrq0iC3Qp5FX3hsCP0Jb5qESOFduMqf5ryb6IzaxLc&#038;_nc_zt=23&#038;_nc_ht=scontent-dfw6-1.cdninstagram.com&#038;edm=ANo9K5cEAAAA&#038;_nc_gid=4Sb3lRMS-QPypsm6MChvCA&#038;_nc_tpa=Q5bMBQLA9-RsuQZ1GjdFmKRuuj8SkYlb4CX-YsPLseAxRBpQIIuz02Ilj4pD6GsD7EULdzGGl-DykYDZAQ&#038;oh=00_AQK2Rwu3_2BA4CbRenLQKT8xO3t9ysldE68XzrpCSUyKug&#038;oe=6A9FC503\"\n\t\t\tdata-img-src-set=\"{&quot;d&quot;:&quot;https:\\\/\\\/scontent-dfw6-1.cdninstagram.com\\\/v\\\/t51.82787-15\\\/765638109_18106538252157023_8095548343511456533_n.jpg?stp=dst-jpg_e35_tt6&amp;_nc_cat=103&amp;ccb=7-5&amp;_nc_sid=18de74&amp;efg=eyJlZmdfdGFnIjoiQ0FST1VTRUxfSVRFTS5iZXN0X2ltYWdlX3VybGdlbi5DMyJ9&amp;_nc_ohc=zEipocW9G84Q7kNvwE66LMy&amp;_nc_oc=AdptFuRa6EvY9Oe-OqXAPTYIQ6wdCuWRfUbV3cST0DIxQoDrq0iC3Qp5FX3hsCP0Jb5qESOFduMqf5ryb6IzaxLc&amp;_nc_zt=23&amp;_nc_ht=scontent-dfw6-1.cdninstagram.com&amp;edm=ANo9K5cEAAAA&amp;_nc_gid=4Sb3lRMS-QPypsm6MChvCA&amp;_nc_tpa=Q5bMBQLA9-RsuQZ1GjdFmKRuuj8SkYlb4CX-YsPLseAxRBpQIIuz02Ilj4pD6GsD7EULdzGGl-DykYDZAQ&amp;oh=00_AQK2Rwu3_2BA4CbRenLQKT8xO3t9ysldE68XzrpCSUyKug&amp;oe=6A9FC503&quot;,&quot;150&quot;:&quot;https:\\\/\\\/scontent-dfw6-1.cdninstagram.com\\\/v\\\/t51.82787-15\\\/765638109_18106538252157023_8095548343511456533_n.jpg?stp=dst-jpg_e35_tt6&amp;_nc_cat=103&amp;ccb=7-5&amp;_nc_sid=18de74&amp;efg=eyJlZmdfdGFnIjoiQ0FST1VTRUxfSVRFTS5iZXN0X2ltYWdlX3VybGdlbi5DMyJ9&amp;_nc_ohc=zEipocW9G84Q7kNvwE66LMy&amp;_nc_oc=AdptFuRa6EvY9Oe-OqXAPTYIQ6wdCuWRfUbV3cST0DIxQoDrq0iC3Qp5FX3hsCP0Jb5qESOFduMqf5ryb6IzaxLc&amp;_nc_zt=23&amp;_nc_ht=scontent-dfw6-1.cdninstagram.com&amp;edm=ANo9K5cEAAAA&amp;_nc_gid=4Sb3lRMS-QPypsm6MChvCA&amp;_nc_tpa=Q5bMBQLA9-RsuQZ1GjdFmKRuuj8SkYlb4CX-YsPLseAxRBpQIIuz02Ilj4pD6GsD7EULdzGGl-DykYDZAQ&amp;oh=00_AQK2Rwu3_2BA4CbRenLQKT8xO3t9ysldE68XzrpCSUyKug&amp;oe=6A9FC503&quot;,&quot;320&quot;:&quot;https:\\\/\\\/estudioverna.com\\\/wp-content\\\/uploads\\\/sb-instagram-feed-images\\\/765638109_18106538252157023_8095548343511456533_nlow.webp&quot;,&quot;640&quot;:&quot;https:\\\/\\\/estudioverna.com\\\/wp-content\\\/uploads\\\/sb-instagram-feed-images\\\/765638109_18106538252157023_8095548343511456533_nfull.webp&quot;}\">\n\t\t\t<span class=\"sbi-screenreader\">Un peque\u00f1o respiro, m\u00e1s que merecido. \u2600\ufe0f Despu\u00e9s d<\/span>\n\t\t\t<svg class=\"svg-inline--fa fa-clone fa-w-16 sbi_lightbox_carousel_icon\" aria-hidden=\"true\" aria-label=\"Clone\" data-fa-pro\u0192cessed=\"\" data-prefix=\"far\" data-icon=\"clone\" role=\"img\" xmlns=\"http:\/\/www.w3.org\/2000\/svg\" viewBox=\"0 0 512 512\">\n                    <path fill=\"currentColor\" d=\"M464 0H144c-26.51 0-48 21.49-48 48v48H48c-26.51 0-48 21.49-48 48v320c0 26.51 21.49 48 48 48h320c26.51 0 48-21.49 48-48v-48h48c26.51 0 48-21.49 48-48V48c0-26.51-21.49-48-48-48zM362 464H54a6 6 0 0 1-6-6V150a6 6 0 0 1 6-6h42v224c0 26.51 21.49 48 48 48h224v42a6 6 0 0 1-6 6zm96-96H150a6 6 0 0 1-6-6V54a6 6 0 0 1 6-6h308a6 6 0 0 1 6 6v308a6 6 0 0 1-6 6z\"><\/path>\n                <\/svg>\t\t\t\t\t\t<img decoding=\"async\" src=\"https:\/\/estudioverna.com\/wp-content\/plugins\/instagram-feed\/img\/placeholder.png\" alt=\"Un peque\u00f1o respiro, m\u00e1s que merecido. \u2600\ufe0f\nDespu\u00e9s de meses de proyectos, planos, decisiones, y muchas horas detr\u00e1s de cada detalle, toca bajar un poco el ritmo y disfrutar del verano.\n\nMe tomo un peque\u00f1o descanso para volver con energ\u00eda, nuevas ideas y muchos espacios por crear.\nFeliz verano! \ud83e\udd0d\n\n~~~\nCasa 11 \u2022 Castelldefels \nFotograf\u00eda: @anastasia.ferreiro \nObra: @mister_carlos_reformas_ \nAccesorios: @bolibarbronzes \nVentanas: @finstral.barcelona.vidal \nPiedra natural: @marmolesoller\" aria-hidden=\"true\">\n\t\t<\/a>\n\t<\/div>\n<\/div><div class=\"sbi_item sbi_type_carousel sbi_new sbi_transition\" role=\"listitem\"\n\tid=\"sbi_18098890328598354\" data-date=\"1785612926\">\n\t<div class=\"sbi_photo_wrap\">\n\t\t<a class=\"sbi_photo\" href=\"https:\/\/www.instagram.com\/p\/DbgmnNsiLvx\/\" target=\"_blank\" rel=\"noopener nofollow\"\n\t\t\tdata-full-res=\"https:\/\/scontent-dfw5-1.cdninstagram.com\/v\/t51.82787-15\/761547201_18105934319157023_1980197630400088925_n.jpg?stp=dst-jpg_e35_tt6&#038;_nc_cat=111&#038;ccb=7-5&#038;_nc_sid=18de74&#038;efg=eyJlZmdfdGFnIjoiQ0FST1VTRUxfSVRFTS5iZXN0X2ltYWdlX3VybGdlbi5DMyJ9&#038;_nc_ohc=5sfdPJQBxQ4Q7kNvwHAT7E3&#038;_nc_oc=AdokXoDNOoE1lz2RI8EBXU3shSOqeXje86N5tfOhifYNhhELVzpz26jBaezXjEeMhjOz3kG8qsd-uD1hFTPqbITY&#038;_nc_zt=23&#038;_nc_ht=scontent-dfw5-1.cdninstagram.com&#038;edm=ANo9K5cEAAAA&#038;_nc_gid=4Sb3lRMS-QPypsm6MChvCA&#038;_nc_tpa=Q5bMBQJMO6M_7waQsoU6hHsVb8E6gwhlq3veojHDSBEQhJ2NPBVq1b2X3iWh0vMwxC4xhPimxTR5fwGUzA&#038;oh=00_AQJ0Js7t_c2Cm9JXlYA83O4f05DS1pJkl0WQ8LtPOgjsYA&#038;oe=6A9FCF8A\"\n\t\t\tdata-img-src-set=\"{&quot;d&quot;:&quot;https:\\\/\\\/scontent-dfw5-1.cdninstagram.com\\\/v\\\/t51.82787-15\\\/761547201_18105934319157023_1980197630400088925_n.jpg?stp=dst-jpg_e35_tt6&amp;_nc_cat=111&amp;ccb=7-5&amp;_nc_sid=18de74&amp;efg=eyJlZmdfdGFnIjoiQ0FST1VTRUxfSVRFTS5iZXN0X2ltYWdlX3VybGdlbi5DMyJ9&amp;_nc_ohc=5sfdPJQBxQ4Q7kNvwHAT7E3&amp;_nc_oc=AdokXoDNOoE1lz2RI8EBXU3shSOqeXje86N5tfOhifYNhhELVzpz26jBaezXjEeMhjOz3kG8qsd-uD1hFTPqbITY&amp;_nc_zt=23&amp;_nc_ht=scontent-dfw5-1.cdninstagram.com&amp;edm=ANo9K5cEAAAA&amp;_nc_gid=4Sb3lRMS-QPypsm6MChvCA&amp;_nc_tpa=Q5bMBQJMO6M_7waQsoU6hHsVb8E6gwhlq3veojHDSBEQhJ2NPBVq1b2X3iWh0vMwxC4xhPimxTR5fwGUzA&amp;oh=00_AQJ0Js7t_c2Cm9JXlYA83O4f05DS1pJkl0WQ8LtPOgjsYA&amp;oe=6A9FCF8A&quot;,&quot;150&quot;:&quot;https:\\\/\\\/scontent-dfw5-1.cdninstagram.com\\\/v\\\/t51.82787-15\\\/761547201_18105934319157023_1980197630400088925_n.jpg?stp=dst-jpg_e35_tt6&amp;_nc_cat=111&amp;ccb=7-5&amp;_nc_sid=18de74&amp;efg=eyJlZmdfdGFnIjoiQ0FST1VTRUxfSVRFTS5iZXN0X2ltYWdlX3VybGdlbi5DMyJ9&amp;_nc_ohc=5sfdPJQBxQ4Q7kNvwHAT7E3&amp;_nc_oc=AdokXoDNOoE1lz2RI8EBXU3shSOqeXje86N5tfOhifYNhhELVzpz26jBaezXjEeMhjOz3kG8qsd-uD1hFTPqbITY&amp;_nc_zt=23&amp;_nc_ht=scontent-dfw5-1.cdninstagram.com&amp;edm=ANo9K5cEAAAA&amp;_nc_gid=4Sb3lRMS-QPypsm6MChvCA&amp;_nc_tpa=Q5bMBQJMO6M_7waQsoU6hHsVb8E6gwhlq3veojHDSBEQhJ2NPBVq1b2X3iWh0vMwxC4xhPimxTR5fwGUzA&amp;oh=00_AQJ0Js7t_c2Cm9JXlYA83O4f05DS1pJkl0WQ8LtPOgjsYA&amp;oe=6A9FCF8A&quot;,&quot;320&quot;:&quot;https:\\\/\\\/estudioverna.com\\\/wp-content\\\/uploads\\\/sb-instagram-feed-images\\\/761547201_18105934319157023_1980197630400088925_nlow.webp&quot;,&quot;640&quot;:&quot;https:\\\/\\\/estudioverna.com\\\/wp-content\\\/uploads\\\/sb-instagram-feed-images\\\/761547201_18105934319157023_1980197630400088925_nfull.webp&quot;}\">\n\t\t\t<span class=\"sbi-screenreader\">Powder Room \u2022 Casa 11 \u2022 Castelldefels  Un ba\u00f1o peq<\/span>\n\t\t\t<svg class=\"svg-inline--fa fa-clone fa-w-16 sbi_lightbox_carousel_icon\" aria-hidden=\"true\" aria-label=\"Clone\" data-fa-pro\u0192cessed=\"\" data-prefix=\"far\" data-icon=\"clone\" role=\"img\" xmlns=\"http:\/\/www.w3.org\/2000\/svg\" viewBox=\"0 0 512 512\">\n                    <path fill=\"currentColor\" d=\"M464 0H144c-26.51 0-48 21.49-48 48v48H48c-26.51 0-48 21.49-48 48v320c0 26.51 21.49 48 48 48h320c26.51 0 48-21.49 48-48v-48h48c26.51 0 48-21.49 48-48V48c0-26.51-21.49-48-48-48zM362 464H54a6 6 0 0 1-6-6V150a6 6 0 0 1 6-6h42v224c0 26.51 21.49 48 48 48h224v42a6 6 0 0 1-6 6zm96-96H150a6 6 0 0 1-6-6V54a6 6 0 0 1 6-6h308a6 6 0 0 1 6 6v308a6 6 0 0 1-6 6z\"><\/path>\n                <\/svg>\t\t\t\t\t\t<img decoding=\"async\" src=\"https:\/\/estudioverna.com\/wp-content\/plugins\/instagram-feed\/img\/placeholder.png\" alt=\"Powder Room \u2022 Casa 11 \u2022 Castelldefels \nUn ba\u00f1o peque\u00f1o donde los materiales son los protagonistas. La piedra Crema Perlado de Granada y revestimiento de arcilla natural de Matteo Brioni crean una atm\u00f3sfera c\u00e1lida, honesta y atemporal. \u2728\n\nFotograf\u00eda: @anastasia.ferreiro \nMateriales: @tono_bagno \nArcilla natural: @matteobrioni \nObra: @mister_carlos_reformas_\" aria-hidden=\"true\">\n\t\t<\/a>\n\t<\/div>\n<\/div><div class=\"sbi_item sbi_type_carousel sbi_new sbi_transition\" role=\"listitem\"\n\tid=\"sbi_18136383247581959\" data-date=\"1784911282\">\n\t<div class=\"sbi_photo_wrap\">\n\t\t<a class=\"sbi_photo\" href=\"https:\/\/www.instagram.com\/p\/DbLsVQ2CNOI\/\" target=\"_blank\" rel=\"noopener nofollow\"\n\t\t\tdata-full-res=\"https:\/\/scontent-dfw6-2.cdninstagram.com\/v\/t51.82787-15\/753445443_18105126398157023_7947830389632403220_n.jpg?stp=dst-jpg_e35_tt6&#038;_nc_cat=108&#038;ccb=7-5&#038;_nc_sid=18de74&#038;efg=eyJlZmdfdGFnIjoiQ0FST1VTRUxfSVRFTS5iZXN0X2ltYWdlX3VybGdlbi5DMyJ9&#038;_nc_ohc=DRJFccvAZ2sQ7kNvwH55VBa&#038;_nc_oc=AdqUpPLt26VYCUMyA8b8BINOcHQSQNRrDpUqkSZSJcoctsg0bBBK5fDLqRq7KxmKUsYN2Ogi3sAI7lmMLPfYKq5Y&#038;_nc_zt=23&#038;_nc_ht=scontent-dfw6-2.cdninstagram.com&#038;edm=ANo9K5cEAAAA&#038;_nc_gid=4Sb3lRMS-QPypsm6MChvCA&#038;_nc_tpa=Q5bMBQJkgx69gIm7zM72NzFKTCBI2LKMndTNROJTV3SnuLkfgM29tudwPyxNZa_0y5ukhL8EJcJHnGRHFQ&#038;oh=00_AQKaDJLQ6Va1ZMaK55ncPsiwTuznip9d7pRg1vT5Uh3QTA&#038;oe=6A9FC481\"\n\t\t\tdata-img-src-set=\"{&quot;d&quot;:&quot;https:\\\/\\\/scontent-dfw6-2.cdninstagram.com\\\/v\\\/t51.82787-15\\\/753445443_18105126398157023_7947830389632403220_n.jpg?stp=dst-jpg_e35_tt6&amp;_nc_cat=108&amp;ccb=7-5&amp;_nc_sid=18de74&amp;efg=eyJlZmdfdGFnIjoiQ0FST1VTRUxfSVRFTS5iZXN0X2ltYWdlX3VybGdlbi5DMyJ9&amp;_nc_ohc=DRJFccvAZ2sQ7kNvwH55VBa&amp;_nc_oc=AdqUpPLt26VYCUMyA8b8BINOcHQSQNRrDpUqkSZSJcoctsg0bBBK5fDLqRq7KxmKUsYN2Ogi3sAI7lmMLPfYKq5Y&amp;_nc_zt=23&amp;_nc_ht=scontent-dfw6-2.cdninstagram.com&amp;edm=ANo9K5cEAAAA&amp;_nc_gid=4Sb3lRMS-QPypsm6MChvCA&amp;_nc_tpa=Q5bMBQJkgx69gIm7zM72NzFKTCBI2LKMndTNROJTV3SnuLkfgM29tudwPyxNZa_0y5ukhL8EJcJHnGRHFQ&amp;oh=00_AQKaDJLQ6Va1ZMaK55ncPsiwTuznip9d7pRg1vT5Uh3QTA&amp;oe=6A9FC481&quot;,&quot;150&quot;:&quot;https:\\\/\\\/scontent-dfw6-2.cdninstagram.com\\\/v\\\/t51.82787-15\\\/753445443_18105126398157023_7947830389632403220_n.jpg?stp=dst-jpg_e35_tt6&amp;_nc_cat=108&amp;ccb=7-5&amp;_nc_sid=18de74&amp;efg=eyJlZmdfdGFnIjoiQ0FST1VTRUxfSVRFTS5iZXN0X2ltYWdlX3VybGdlbi5DMyJ9&amp;_nc_ohc=DRJFccvAZ2sQ7kNvwH55VBa&amp;_nc_oc=AdqUpPLt26VYCUMyA8b8BINOcHQSQNRrDpUqkSZSJcoctsg0bBBK5fDLqRq7KxmKUsYN2Ogi3sAI7lmMLPfYKq5Y&amp;_nc_zt=23&amp;_nc_ht=scontent-dfw6-2.cdninstagram.com&amp;edm=ANo9K5cEAAAA&amp;_nc_gid=4Sb3lRMS-QPypsm6MChvCA&amp;_nc_tpa=Q5bMBQJkgx69gIm7zM72NzFKTCBI2LKMndTNROJTV3SnuLkfgM29tudwPyxNZa_0y5ukhL8EJcJHnGRHFQ&amp;oh=00_AQKaDJLQ6Va1ZMaK55ncPsiwTuznip9d7pRg1vT5Uh3QTA&amp;oe=6A9FC481&quot;,&quot;320&quot;:&quot;https:\\\/\\\/estudioverna.com\\\/wp-content\\\/uploads\\\/sb-instagram-feed-images\\\/753445443_18105126398157023_7947830389632403220_nlow.webp&quot;,&quot;640&quot;:&quot;https:\\\/\\\/estudioverna.com\\\/wp-content\\\/uploads\\\/sb-instagram-feed-images\\\/753445443_18105126398157023_7947830389632403220_nfull.webp&quot;}\">\n\t\t\t<span class=\"sbi-screenreader\">Casa 11 \u2022 Castelldefels  Cada pared cuenta una his<\/span>\n\t\t\t<svg class=\"svg-inline--fa fa-clone fa-w-16 sbi_lightbox_carousel_icon\" aria-hidden=\"true\" aria-label=\"Clone\" data-fa-pro\u0192cessed=\"\" data-prefix=\"far\" data-icon=\"clone\" role=\"img\" xmlns=\"http:\/\/www.w3.org\/2000\/svg\" viewBox=\"0 0 512 512\">\n                    <path fill=\"currentColor\" d=\"M464 0H144c-26.51 0-48 21.49-48 48v48H48c-26.51 0-48 21.49-48 48v320c0 26.51 21.49 48 48 48h320c26.51 0 48-21.49 48-48v-48h48c26.51 0 48-21.49 48-48V48c0-26.51-21.49-48-48-48zM362 464H54a6 6 0 0 1-6-6V150a6 6 0 0 1 6-6h42v224c0 26.51 21.49 48 48 48h224v42a6 6 0 0 1-6 6zm96-96H150a6 6 0 0 1-6-6V54a6 6 0 0 1 6-6h308a6 6 0 0 1 6 6v308a6 6 0 0 1-6 6z\"><\/path>\n                <\/svg>\t\t\t\t\t\t<img decoding=\"async\" src=\"https:\/\/estudioverna.com\/wp-content\/plugins\/instagram-feed\/img\/placeholder.png\" alt=\"Casa 11 \u2022 Castelldefels \nCada pared cuenta una historia cuando est\u00e1 revestida con materiales aut\u00e9nticos. El yeso de arcilla natural de Matteo Brioni aporta una textura \u00fanica, una est\u00e9tica atemporal y el equilibrio perfecto entre artesan\u00eda y arquitectura contempor\u00e1nea. Un acabado mineral que regula la humedad de forma natural, aporta textura y envuelve el espacio con una calidez.\n\n\u2026\n\nEvery wall tells a story when finished with authentic materials. Matteo Brioni\u2019s natural clay plaster brings a unique texture, timeless aesthetics, and the perfect balance between craftsmanship and contemporary architecture. Its mineral finish naturally regulates humidity, adds depth and texture, and envelops the space in a warm, inviting atmosphere.\n\nFotograf\u00eda: @anastasia.ferreiro \nMateriales: @matteobrioni\nObra: @mister_carlos_reformas_ \nAccesorios: @bolibarbronzes\" aria-hidden=\"true\">\n\t\t<\/a>\n\t<\/div>\n<\/div>\t<\/div>\n\n\t<div id=\"sbi_load\" >\n\n\t<div class=\"sbi-screenreader\" aria-live=\"polite\" aria-atomic=\"true\" data-sbi-feed-status><\/div>\n\n\t\n\t\n<\/div>\n\t\t<span class=\"sbi_resized_image_data\" data-feed-id=\"*3\"\n\t\t  data-resized=\"{&quot;18136383247581959&quot;:{&quot;id&quot;:&quot;753445443_18105126398157023_7947830389632403220_n&quot;,&quot;ratio&quot;:&quot;0.80&quot;,&quot;sizes&quot;:{&quot;full&quot;:640,&quot;low&quot;:320,&quot;thumb&quot;:150},&quot;extension&quot;:&quot;.webp&quot;},&quot;18098890328598354&quot;:{&quot;id&quot;:&quot;761547201_18105934319157023_1980197630400088925_n&quot;,&quot;ratio&quot;:&quot;0.80&quot;,&quot;sizes&quot;:{&quot;full&quot;:640,&quot;low&quot;:320,&quot;thumb&quot;:150},&quot;extension&quot;:&quot;.webp&quot;},&quot;17882563659478807&quot;:{&quot;id&quot;:&quot;765638109_18106538252157023_8095548343511456533_n&quot;,&quot;ratio&quot;:&quot;0.80&quot;,&quot;sizes&quot;:{&quot;full&quot;:640,&quot;low&quot;:320,&quot;thumb&quot;:150},&quot;extension&quot;:&quot;.webp&quot;},&quot;18189625429397280&quot;:{&quot;id&quot;:&quot;787434713_18108478175157023_1744850277807357018_n&quot;,&quot;ratio&quot;:&quot;0.80&quot;,&quot;sizes&quot;:{&quot;full&quot;:640,&quot;low&quot;:320,&quot;thumb&quot;:150},&quot;extension&quot;:&quot;.webp&quot;}}\">\n\t<\/span>\n\t<\/div>\n\n\t<style type=\"text\/css\">\n\t\t\t\t\t\t#sb_instagram .sbi_follow_btn a:hover,\n\t\t#sb_instagram .sbi_follow_btn a:focus {\n\t\t\toutline: none;\n\t\t\tbox-shadow: inset 0 0 10px 20px#575757;\n\t\t}\n\n\t\t\t<\/style>\n\t\n<\/div><\/div><\/div><\/div><\/div><\/div><\/section>\n","protected":false},"excerpt":{"rendered":"wr\u00f3\u0107 do projekt\u00f3wReforma w kontek\u015bcie historycznym Poble-sec, Barcelona ROK: 2024 KATEGORIA: Remont generalny FAZA: 1-5 LOKALIZACJA: Barcelona POWIERZCHNIA: 75m2 KLIENT: prywatny W samym sercu Poble-sec, projekt ten odzyskuje istot\u0119 domu z histori\u0105, szanuj\u0105c jego oryginalne elementy, jednocze\u015bnie dostosowuj\u0105c go do wsp\u00f3\u0142czesnych potrzeb. Sufit belkowy z volta catalana, \u015bwiadcz\u0105cy o tradycyjnym charakterze budynku, zosta\u0142 starannie odrestaurowany,...","protected":false},"author":1,"featured_media":0,"parent":0,"menu_order":0,"comment_status":"closed","ping_status":"closed","template":"","meta":{"_wpcom_ai_launchpad_about_page":false,"_wpcom_ai_launchpad_gallery_page":false,"_wpcom_ai_launchpad_contact_page":false,"_wpcom_ai_launchpad_events_page":false,"_wpcom_ai_launchpad_video_page":false,"_wpcom_ai_launchpad_portfolio_piece":false,"footnotes":""},"class_list":["post-863","page","type-page","status-publish","hentry"],"yoast_head":"<!-- This site is optimized with the Yoast SEO plugin v28.4 - https:\/\/yoast.com\/product\/yoast-seo-wordpress\/ -->\n<title>Zr\u00f3wnowa\u017cona i ekologiczna architektura<\/title>\n<meta name=\"description\" content=\"Poznaj \u015bwiat zr\u00f3wnowa\u017conej architektury i zielonej architektury. Odkryj innowacyjne projekty, ekologiczne materia\u0142y.\" \/>\n<meta name=\"robots\" content=\"index, follow, max-snippet:-1, max-image-preview:large, max-video-preview:-1\" \/>\n<link rel=\"canonical\" href=\"https:\/\/estudioverna.com\/projects\/\" \/>\n<meta property=\"og:locale\" content=\"pl_PL\" \/>\n<meta property=\"og:type\" content=\"article\" \/>\n<meta property=\"og:title\" content=\"Zr\u00f3wnowa\u017cona i ekologiczna architektura\" \/>\n<meta property=\"og:description\" content=\"Poznaj \u015bwiat zr\u00f3wnowa\u017conej architektury i zielonej architektury. Odkryj innowacyjne projekty, ekologiczne materia\u0142y.\" \/>\n<meta property=\"og:url\" content=\"https:\/\/estudioverna.com\/projects\/\" \/>\n<meta property=\"og:site_name\" content=\"Estudio Verna\" \/>\n<meta property=\"article:modified_time\" content=\"2025-07-16T17:31:50+00:00\" \/>\n<meta name=\"twitter:card\" content=\"summary_large_image\" \/>\n<meta name=\"twitter:label1\" content=\"Szacowany czas czytania\" \/>\n\t<meta name=\"twitter:data1\" content=\"1 minuta\" \/>\n<script type=\"application\/ld+json\" class=\"yoast-schema-graph\">{\"@context\":\"https:\\\/\\\/schema.org\",\"@graph\":[{\"@type\":\"WebPage\",\"@id\":\"https:\\\/\\\/estudioverna.com\\\/projects\\\/\",\"url\":\"https:\\\/\\\/estudioverna.com\\\/projects\\\/\",\"name\":\"Zr\u00f3wnowa\u017cona i ekologiczna architektura\",\"isPartOf\":{\"@id\":\"https:\\\/\\\/estudioverna.com\\\/#website\"},\"datePublished\":\"2025-02-05T16:27:52+00:00\",\"dateModified\":\"2025-07-16T17:31:50+00:00\",\"description\":\"Poznaj \u015bwiat zr\u00f3wnowa\u017conej architektury i zielonej architektury. Odkryj innowacyjne projekty, ekologiczne materia\u0142y.\",\"breadcrumb\":{\"@id\":\"https:\\\/\\\/estudioverna.com\\\/projects\\\/#breadcrumb\"},\"inLanguage\":\"pl-PL\",\"potentialAction\":[{\"@type\":\"ReadAction\",\"target\":[\"https:\\\/\\\/estudioverna.com\\\/projects\\\/\"]}]},{\"@type\":\"BreadcrumbList\",\"@id\":\"https:\\\/\\\/estudioverna.com\\\/projects\\\/#breadcrumb\",\"itemListElement\":[{\"@type\":\"ListItem\",\"position\":1,\"name\":\"Portada\",\"item\":\"https:\\\/\\\/estudioverna.com\\\/pl\\\/\"},{\"@type\":\"ListItem\",\"position\":2,\"name\":\"Projekty\"}]},{\"@type\":\"WebSite\",\"@id\":\"https:\\\/\\\/estudioverna.com\\\/#website\",\"url\":\"https:\\\/\\\/estudioverna.com\\\/\",\"name\":\"Estudio Verna\",\"description\":\"Architect in Barcelona \u00b7 Costa Brava\",\"potentialAction\":[{\"@type\":\"SearchAction\",\"target\":{\"@type\":\"EntryPoint\",\"urlTemplate\":\"https:\\\/\\\/estudioverna.com\\\/?s={search_term_string}\"},\"query-input\":{\"@type\":\"PropertyValueSpecification\",\"valueRequired\":true,\"valueName\":\"search_term_string\"}}],\"inLanguage\":\"pl-PL\"}]}<\/script>\n<!-- \/ Yoast SEO plugin. -->","yoast_head_json":{"title":"Zr\u00f3wnowa\u017cona i ekologiczna architektura","description":"Poznaj \u015bwiat zr\u00f3wnowa\u017conej architektury i zielonej architektury. Odkryj innowacyjne projekty, ekologiczne materia\u0142y.","robots":{"index":"index","follow":"follow","max-snippet":"max-snippet:-1","max-image-preview":"max-image-preview:large","max-video-preview":"max-video-preview:-1"},"canonical":"https:\/\/estudioverna.com\/projects\/","og_locale":"pl_PL","og_type":"article","og_title":"Zr\u00f3wnowa\u017cona i ekologiczna architektura","og_description":"Poznaj \u015bwiat zr\u00f3wnowa\u017conej architektury i zielonej architektury. Odkryj innowacyjne projekty, ekologiczne materia\u0142y.","og_url":"https:\/\/estudioverna.com\/projects\/","og_site_name":"Estudio Verna","article_modified_time":"2025-07-16T17:31:50+00:00","twitter_card":"summary_large_image","twitter_misc":{"Szacowany czas czytania":"1 minuta"},"schema":{"@context":"https:\/\/schema.org","@graph":[{"@type":"WebPage","@id":"https:\/\/estudioverna.com\/projects\/","url":"https:\/\/estudioverna.com\/projects\/","name":"Zr\u00f3wnowa\u017cona i ekologiczna architektura","isPartOf":{"@id":"https:\/\/estudioverna.com\/#website"},"datePublished":"2025-02-05T16:27:52+00:00","dateModified":"2025-07-16T17:31:50+00:00","description":"Poznaj \u015bwiat zr\u00f3wnowa\u017conej architektury i zielonej architektury. Odkryj innowacyjne projekty, ekologiczne materia\u0142y.","breadcrumb":{"@id":"https:\/\/estudioverna.com\/projects\/#breadcrumb"},"inLanguage":"pl-PL","potentialAction":[{"@type":"ReadAction","target":["https:\/\/estudioverna.com\/projects\/"]}]},{"@type":"BreadcrumbList","@id":"https:\/\/estudioverna.com\/projects\/#breadcrumb","itemListElement":[{"@type":"ListItem","position":1,"name":"Portada","item":"https:\/\/estudioverna.com\/pl\/"},{"@type":"ListItem","position":2,"name":"Projekty"}]},{"@type":"WebSite","@id":"https:\/\/estudioverna.com\/#website","url":"https:\/\/estudioverna.com\/","name":"Estudio Verna","description":"Architect in Barcelona \u00b7 Costa Brava","potentialAction":[{"@type":"SearchAction","target":{"@type":"EntryPoint","urlTemplate":"https:\/\/estudioverna.com\/?s={search_term_string}"},"query-input":{"@type":"PropertyValueSpecification","valueRequired":true,"valueName":"search_term_string"}}],"inLanguage":"pl-PL"}]}},"jetpack_shortlink":"https:\/\/wp.me\/PfMXPq-dV","_links":{"self":[{"href":"https:\/\/estudioverna.com\/pl\/wp-json\/wp\/v2\/pages\/863","targetHints":{"allow":["GET"]}}],"collection":[{"href":"https:\/\/estudioverna.com\/pl\/wp-json\/wp\/v2\/pages"}],"about":[{"href":"https:\/\/estudioverna.com\/pl\/wp-json\/wp\/v2\/types\/page"}],"author":[{"embeddable":true,"href":"https:\/\/estudioverna.com\/pl\/wp-json\/wp\/v2\/users\/1"}],"replies":[{"embeddable":true,"href":"https:\/\/estudioverna.com\/pl\/wp-json\/wp\/v2\/comments?post=863"}],"version-history":[{"count":14,"href":"https:\/\/estudioverna.com\/pl\/wp-json\/wp\/v2\/pages\/863\/revisions"}],"predecessor-version":[{"id":1859,"href":"https:\/\/estudioverna.com\/pl\/wp-json\/wp\/v2\/pages\/863\/revisions\/1859"}],"wp:attachment":[{"href":"https:\/\/estudioverna.com\/pl\/wp-json\/wp\/v2\/media?parent=863"}],"curies":[{"name":"wp","href":"https:\/\/api.w.org\/{rel}","templated":true}]}}