{"id":1754,"date":"2025-01-22T17:40:27","date_gmt":"2025-01-22T16:40:27","guid":{"rendered":"https:\/\/estudioverna.com\/polityka-prywatnosci\/"},"modified":"2025-04-02T16:45:37","modified_gmt":"2025-04-02T14:45:37","slug":"polityka-prywatnosci","status":"publish","type":"page","link":"https:\/\/estudioverna.com\/pl\/polityka-prywatnosci\/","title":{"rendered":"Polityka prywatno\u015bci"},"content":{"rendered":"<section class=\"l-section wpb_row height_medium\"><div class=\"l-section-h i-cf\"><div class=\"g-cols vc_row via_grid cols_1 laptops-cols_inherit tablets-cols_inherit mobiles-cols_1 valign_top type_default stacking_default\"><div class=\"wpb_column vc_column_container\"><div class=\"vc_column-inner\"><div class=\"wpb_text_column\"><div class=\"wpb_wrapper\"><h1>Polityka prywatno\u015bci<\/h1>\n<\/div><\/div><div class=\"wpb_text_column\"><div class=\"wpb_wrapper\"><p>&#013;<\/p>\n<ol>&#013;<\/p>\n<li><strong> Identidad del Responsable<\/strong><\/li>\n<p>&#013;\n<\/ol>\n<p>&#013;<\/p>\n<ul>&#013;<\/p>\n<li><strong>Nombre del responsable:<\/strong> Weronika Frycz<\/li>\n<p>&#013;<\/p>\n<li><strong>NIF\/CIF:<\/strong> Y5831782P<\/li>\n<p>&#013;<\/p>\n<li><strong>Direcci\u00f3n:<\/strong> Joaquim Valls 84, AT, 08016 Barcelona<\/li>\n<p>&#013;<\/p>\n<li><strong>Correo electr\u00f3nico:<\/strong> hola@estudioverna.com<\/li>\n<p>&#013;<\/p>\n<li><strong>Tel\u00e9fono:<\/strong> +34 611 548 719<\/li>\n<p>&#013;<\/p>\n<li><strong>Sitio web:<\/strong> <a href=\"http:\/\/www.estudioverna.com\" rel=\"nofollow\">http:\/\/www.estudioverna.com<\/a><\/li>\n<p>&#013;\n<\/ul>\n<p>&#013;<\/p>\n<ol start=\"2\">&#013;<\/p>\n<li><strong> Datos que Recopilamos<\/strong><br \/>Recopilamos los siguientes datos personales cuando el usuario utiliza nuestros servicios o interact\u00faa con nuestra web:<\/li>\n<p>&#013;\n<\/ol>\n<p>&#013;<\/p>\n<ul>&#013;<\/p>\n<li>Nombre y apellidos<\/li>\n<p>&#013;<\/p>\n<li>Correo electr\u00f3nico<\/li>\n<p>&#013;<\/p>\n<li>Tel\u00e9fono<\/li>\n<p>&#013;<\/p>\n<li>Direcci\u00f3n postal<\/li>\n<p>&#013;<\/p>\n<li>Datos de pago (en caso de compras)<\/li>\n<p>&#013;<\/p>\n<li>Direcci\u00f3n IP y datos de navegaci\u00f3n<\/li>\n<p>&#013;\n<\/ul>\n<p>&#013;<\/p>\n<ol start=\"3\">&#013;<\/p>\n<li><strong> Finalidad del Tratamiento<\/strong><br \/>Los datos se recopilan con las siguientes finalidades:<\/li>\n<p>&#013;\n<\/ol>\n<p>&#013;<\/p>\n<ul>&#013;<\/p>\n<li>Gestionar solicitudes de informaci\u00f3n o contacto.<\/li>\n<p>&#013;<\/p>\n<li>Procesar pedidos y pagos.<\/li>\n<p>&#013;<\/p>\n<li>Enviar comunicaciones comerciales, si el usuario ha dado su consentimiento.<\/li>\n<p>&#013;<\/p>\n<li>Cumplir con obligaciones legales.<\/li>\n<p>&#013;<\/p>\n<li>Mejorar la experiencia del usuario y optimizar nuestro sitio web.<\/li>\n<p>&#013;\n<\/ul>\n<p>&#013;<\/p>\n<ol start=\"4\">&#013;<\/p>\n<li><strong> Legitimaci\u00f3n para el Tratamiento<\/strong><br \/>Las bases legales para el tratamiento de los datos personales son:<\/li>\n<p>&#013;\n<\/ol>\n<p>&#013;<\/p>\n<ul>&#013;<\/p>\n<li>El consentimiento del interesado.<\/li>\n<p>&#013;<\/p>\n<li>La ejecuci\u00f3n de un contrato.<\/li>\n<p>&#013;<\/p>\n<li>El cumplimiento de obligaciones legales.<\/li>\n<p>&#013;<\/p>\n<li>El inter\u00e9s leg\u00edtimo para mejorar nuestros servicios.<\/li>\n<p>&#013;\n<\/ul>\n<p>&#013;<\/p>\n<ol start=\"5\">&#013;<\/p>\n<li><strong> Conservaci\u00f3n de los Datos<\/strong><br \/>Los datos personales se conservar\u00e1n mientras exista una relaci\u00f3n contractual y durante el tiempo necesario para cumplir con obligaciones legales. Posteriormente, se conservar\u00e1n de forma bloqueada durante los plazos legalmente establecidos.<\/li>\n<p>&#013;<\/p>\n<li><strong> Destinatarios de los Datos<\/strong><br \/>Los datos no se ceder\u00e1n a terceros, salvo obligaci\u00f3n legal o en los siguientes casos:<\/li>\n<p>&#013;\n<\/ol>\n<p>&#013;<\/p>\n<ul>&#013;<\/p>\n<li>Proveedores de servicios relacionados con el sitio web y la actividad (alojamiento, servicios de mensajer\u00eda, plataformas de pago, etc.).<\/li>\n<p>&#013;<\/p>\n<li>Administraciones p\u00fablicas en cumplimiento de obligaciones legales.<\/li>\n<p>&#013;\n<\/ul>\n<p>&#013;<\/p>\n<ol start=\"7\">&#013;<\/p>\n<li><strong> Derechos del Usuario<\/strong><br \/>El usuario puede ejercer los siguientes derechos:<\/li>\n<p>&#013;\n<\/ol>\n<p>&#013;<\/p>\n<ul>&#013;<\/p>\n<li>Derecho de acceso, rectificaci\u00f3n y supresi\u00f3n.<\/li>\n<p>&#013;<\/p>\n<li>Derecho a la limitaci\u00f3n del tratamiento.<\/li>\n<p>&#013;<\/p>\n<li>Derecho a la portabilidad de los datos.<\/li>\n<p>&#013;<\/p>\n<li>Derecho a oponerse al tratamiento.<\/li>\n<p>&#013;<\/p>\n<li>Derecho a retirar el consentimiento en cualquier momento.<\/li>\n<p>&#013;\n<\/ul>\n<p>&#013;<\/p>\n<p>Para ejercer estos derechos, el usuario puede enviar una solicitud a:<\/p>\n<p>&#013;<\/p>\n<ul>&#013;<\/p>\n<li><strong>Correo electr\u00f3nico:<\/strong> hola@estudioverna.com<\/li>\n<p>&#013;<\/p>\n<li><strong>Direcci\u00f3n postal:<\/strong> Joaquim Valls 84, AT, 08016 Barcelona<\/li>\n<p>&#013;\n<\/ul>\n<p>&#013;<\/p>\n<p>Adem\u00e1s, tiene derecho a presentar una reclamaci\u00f3n ante la Agencia Espa\u00f1ola de Protecci\u00f3n de Datos (<u><a href=\"http:\/\/www.aepd.es\">www.aepd.es<\/a><\/u>).<\/p>\n<p>&#013;<\/p>\n<ol start=\"8\">&#013;<\/p>\n<li><strong> Seguridad de los Datos<\/strong><br \/>Implementamos medidas de seguridad adecuadas para garantizar la confidencialidad e integridad de los datos personales.<\/li>\n<p>&#013;<\/p>\n<li><strong> Cambios en la Pol\u00edtica de Privacidad<\/strong><br \/>Nos reservamos el derecho a modificar esta pol\u00edtica para adaptarla a novedades legislativas o pr\u00e1cticas del sector. Cualquier cambio ser\u00e1 notificado en esta p\u00e1gina.<\/li>\n<p>&#013;\n<\/ol>\n<p>&#013;<\/p>\n<\/div><\/div><\/div><\/div><\/div><\/div><\/section>","protected":false},"excerpt":{"rendered":"Polityka prywatno\u015bci &#013; &#013; Identidad del Responsable &#013; &#013; &#013; Nombre del responsable: Weronika Frycz &#013; NIF\/CIF: Y5831782P &#013; Direcci\u00f3n: Joaquim Valls 84, AT, 08016 Barcelona &#013; Correo electr\u00f3nico: <a href=\"mailto:hola@estudioverna.com\">hola@estudioverna.com<\/a> &#013; Tel\u00e9fono: +34 611 548 719 &#013; Sitio web: <a href=\"http:\/\/www.estudioverna.com\" rel=\"nofollow\">http:\/\/www.estudioverna.com<\/a> &#013; &#013; &#013; Datos que RecopilamosRecopilamos los siguientes datos personales cuando el usuario utiliza nuestros...","protected":false},"author":1,"featured_media":0,"parent":0,"menu_order":0,"comment_status":"closed","ping_status":"open","template":"","meta":{"footnotes":""},"class_list":["post-1754","page","type-page","status-publish","hentry"],"yoast_head":"<!-- This site is optimized with the Yoast SEO plugin v27.5 - https:\/\/yoast.com\/product\/yoast-seo-wordpress\/ -->\n<title>Polityka prywatno\u015bci - Estudio Verna<\/title>\n<meta name=\"robots\" content=\"noindex, nofollow\" \/>\n<meta property=\"og:locale\" content=\"pl_PL\" \/>\n<meta property=\"og:type\" content=\"article\" \/>\n<meta property=\"og:title\" content=\"Polityka prywatno\u015bci - Estudio Verna\" \/>\n<meta property=\"og:url\" content=\"https:\/\/estudioverna.com\/privacy-policy\/\" \/>\n<meta property=\"og:site_name\" content=\"Estudio Verna\" \/>\n<meta property=\"article:modified_time\" content=\"2025-04-02T14:45:37+00:00\" \/>\n<meta name=\"twitter:card\" content=\"summary_large_image\" \/>\n<meta name=\"twitter:label1\" content=\"Szacowany czas czytania\" \/>\n\t<meta name=\"twitter:data1\" content=\"2 minuty\" \/>\n<script type=\"application\/ld+json\" class=\"yoast-schema-graph\">{\"@context\":\"https:\\\/\\\/schema.org\",\"@graph\":[{\"@type\":\"WebPage\",\"@id\":\"https:\\\/\\\/estudioverna.com\\\/privacy-policy\\\/\",\"url\":\"https:\\\/\\\/estudioverna.com\\\/privacy-policy\\\/\",\"name\":\"Polityka prywatno\u015bci - Estudio Verna\",\"isPartOf\":{\"@id\":\"https:\\\/\\\/estudioverna.com\\\/#website\"},\"datePublished\":\"2025-01-22T16:40:27+00:00\",\"dateModified\":\"2025-04-02T14:45:37+00:00\",\"breadcrumb\":{\"@id\":\"https:\\\/\\\/estudioverna.com\\\/privacy-policy\\\/#breadcrumb\"},\"inLanguage\":\"pl-PL\",\"potentialAction\":[{\"@type\":\"ReadAction\",\"target\":[\"https:\\\/\\\/estudioverna.com\\\/privacy-policy\\\/\"]}]},{\"@type\":\"BreadcrumbList\",\"@id\":\"https:\\\/\\\/estudioverna.com\\\/privacy-policy\\\/#breadcrumb\",\"itemListElement\":[{\"@type\":\"ListItem\",\"position\":1,\"name\":\"Portada\",\"item\":\"https:\\\/\\\/estudioverna.com\\\/pl\\\/\"},{\"@type\":\"ListItem\",\"position\":2,\"name\":\"Polityka prywatno\u015bci\"}]},{\"@type\":\"WebSite\",\"@id\":\"https:\\\/\\\/estudioverna.com\\\/#website\",\"url\":\"https:\\\/\\\/estudioverna.com\\\/\",\"name\":\"Estudio Verna\",\"description\":\"Architect in Barcelona \u00b7 Costa Brava\",\"potentialAction\":[{\"@type\":\"SearchAction\",\"target\":{\"@type\":\"EntryPoint\",\"urlTemplate\":\"https:\\\/\\\/estudioverna.com\\\/?s={search_term_string}\"},\"query-input\":{\"@type\":\"PropertyValueSpecification\",\"valueRequired\":true,\"valueName\":\"search_term_string\"}}],\"inLanguage\":\"pl-PL\"}]}<\/script>\n<!-- \/ Yoast SEO plugin. -->","yoast_head_json":{"title":"Polityka prywatno\u015bci - Estudio Verna","robots":{"index":"noindex","follow":"nofollow"},"og_locale":"pl_PL","og_type":"article","og_title":"Polityka prywatno\u015bci - Estudio Verna","og_url":"https:\/\/estudioverna.com\/privacy-policy\/","og_site_name":"Estudio Verna","article_modified_time":"2025-04-02T14:45:37+00:00","twitter_card":"summary_large_image","twitter_misc":{"Szacowany czas czytania":"2 minuty"},"schema":{"@context":"https:\/\/schema.org","@graph":[{"@type":"WebPage","@id":"https:\/\/estudioverna.com\/privacy-policy\/","url":"https:\/\/estudioverna.com\/privacy-policy\/","name":"Polityka prywatno\u015bci - Estudio Verna","isPartOf":{"@id":"https:\/\/estudioverna.com\/#website"},"datePublished":"2025-01-22T16:40:27+00:00","dateModified":"2025-04-02T14:45:37+00:00","breadcrumb":{"@id":"https:\/\/estudioverna.com\/privacy-policy\/#breadcrumb"},"inLanguage":"pl-PL","potentialAction":[{"@type":"ReadAction","target":["https:\/\/estudioverna.com\/privacy-policy\/"]}]},{"@type":"BreadcrumbList","@id":"https:\/\/estudioverna.com\/privacy-policy\/#breadcrumb","itemListElement":[{"@type":"ListItem","position":1,"name":"Portada","item":"https:\/\/estudioverna.com\/pl\/"},{"@type":"ListItem","position":2,"name":"Polityka prywatno\u015bci"}]},{"@type":"WebSite","@id":"https:\/\/estudioverna.com\/#website","url":"https:\/\/estudioverna.com\/","name":"Estudio Verna","description":"Architect in Barcelona \u00b7 Costa Brava","potentialAction":[{"@type":"SearchAction","target":{"@type":"EntryPoint","urlTemplate":"https:\/\/estudioverna.com\/?s={search_term_string}"},"query-input":{"@type":"PropertyValueSpecification","valueRequired":true,"valueName":"search_term_string"}}],"inLanguage":"pl-PL"}]}},"jetpack_shortlink":"https:\/\/wp.me\/PfMXPq-si","_links":{"self":[{"href":"https:\/\/estudioverna.com\/pl\/wp-json\/wp\/v2\/pages\/1754","targetHints":{"allow":["GET"]}}],"collection":[{"href":"https:\/\/estudioverna.com\/pl\/wp-json\/wp\/v2\/pages"}],"about":[{"href":"https:\/\/estudioverna.com\/pl\/wp-json\/wp\/v2\/types\/page"}],"author":[{"embeddable":true,"href":"https:\/\/estudioverna.com\/pl\/wp-json\/wp\/v2\/users\/1"}],"replies":[{"embeddable":true,"href":"https:\/\/estudioverna.com\/pl\/wp-json\/wp\/v2\/comments?post=1754"}],"version-history":[{"count":2,"href":"https:\/\/estudioverna.com\/pl\/wp-json\/wp\/v2\/pages\/1754\/revisions"}],"predecessor-version":[{"id":1756,"href":"https:\/\/estudioverna.com\/pl\/wp-json\/wp\/v2\/pages\/1754\/revisions\/1756"}],"wp:attachment":[{"href":"https:\/\/estudioverna.com\/pl\/wp-json\/wp\/v2\/media?parent=1754"}],"curies":[{"name":"wp","href":"https:\/\/api.w.org\/{rel}","templated":true}]}}